{"id":10436,"date":"2012-09-12T08:02:25","date_gmt":"2012-09-12T06:02:25","guid":{"rendered":"https:\/\/www.vallsguiu.com\/despatx\/"},"modified":"2021-04-27T17:57:34","modified_gmt":"2021-04-27T15:57:34","slug":"despatx-advocats-barcelona-bufet","status":"publish","type":"page","link":"https:\/\/www.vallsguiu.com\/ca\/despatx-advocats-barcelona-bufet\/","title":{"rendered":"Despatx"},"content":{"rendered":"<p><div class=\"fusion-fullwidth fullwidth-box fusion-builder-row-1 fusion-flex-container nonhundred-percent-fullwidth non-hundred-percent-height-scrolling\" style=\"--awb-border-radius-top-left:0px;--awb-border-radius-top-right:0px;--awb-border-radius-bottom-right:0px;--awb-border-radius-bottom-left:0px;--awb-flex-wrap:wrap;\" ><div class=\"fusion-builder-row fusion-row fusion-flex-align-items-center fusion-flex-content-wrap\" style=\"max-width:1019.2px;margin-left: calc(-4% \/ 2 );margin-right: calc(-4% \/ 2 );\"><div class=\"fusion-layout-column fusion_builder_column fusion-builder-column-0 fusion_builder_column_1_2 1_2 fusion-flex-column\" style=\"--awb-bg-size:cover;--awb-width-large:50%;--awb-margin-top-large:0px;--awb-spacing-right-large:3.84%;--awb-margin-bottom-large:20px;--awb-spacing-left-large:3.84%;--awb-width-medium:50%;--awb-order-medium:0;--awb-spacing-right-medium:3.84%;--awb-spacing-left-medium:3.84%;--awb-width-small:100%;--awb-order-small:0;--awb-spacing-right-small:1.92%;--awb-spacing-left-small:1.92%;\"><div class=\"fusion-column-wrapper fusion-column-has-shadow fusion-flex-justify-content-flex-start fusion-content-layout-column\"><div class=\"fusion-title title fusion-title-1 fusion-sep-none fusion-title-text fusion-title-size-two\" style=\"--awb-margin-top-small:10px;--awb-margin-bottom-small:10px;\"><h2 class=\"fusion-title-heading title-heading-left\" style=\"margin:0;\"><h2>Despatx<\/h2><\/h2><\/div><div class=\"fusion-text fusion-text-1\"><p>Valls Guiu advocats, \u00e9s un despatx format per diferents professionals del sector jur\u00eddic, sent el seu titular Marta Valls Guiu, lletrada amb m\u00e9s de 15 anys d\u2019experi\u00e8ncia en l\u2019exercici del dret.<\/p>\n<p>Valls Guiu advocats es proposa com a missi\u00f3 defensar els interessos dels seus clients i ajudar-los a resoldre la seva problem\u00e0tica, proporcionant un assessorament jur\u00eddic personalitzat, efica\u00e7 i de qualitat al seus clients, generant confian\u00e7a i resultats.<\/p>\n<\/div><\/div><\/div><div class=\"fusion-layout-column fusion_builder_column fusion-builder-column-1 fusion_builder_column_1_2 1_2 fusion-flex-column\" style=\"--awb-bg-size:cover;--awb-width-large:50%;--awb-margin-top-large:0px;--awb-spacing-right-large:3.84%;--awb-margin-bottom-large:20px;--awb-spacing-left-large:3.84%;--awb-width-medium:50%;--awb-order-medium:0;--awb-spacing-right-medium:3.84%;--awb-spacing-left-medium:3.84%;--awb-width-small:100%;--awb-order-small:0;--awb-spacing-right-small:1.92%;--awb-spacing-left-small:1.92%;\"><div class=\"fusion-column-wrapper fusion-column-has-shadow fusion-flex-justify-content-flex-start fusion-content-layout-column\"><div class=\"fusion-image-element \" style=\"--awb-caption-title-font-family:var(--h2_typography-font-family);--awb-caption-title-font-weight:var(--h2_typography-font-weight);--awb-caption-title-font-style:var(--h2_typography-font-style);--awb-caption-title-size:var(--h2_typography-font-size);--awb-caption-title-transform:var(--h2_typography-text-transform);--awb-caption-title-line-height:var(--h2_typography-line-height);--awb-caption-title-letter-spacing:var(--h2_typography-letter-spacing);\"><span class=\" fusion-imageframe imageframe-none imageframe-1 hover-type-none\"><img decoding=\"async\" width=\"980\" height=\"980\" title=\"SONY DSC\" src=\"https:\/\/www.vallsguiu.com\/wp-content\/uploads\/DSC05075-1024x1024.jpg\" alt class=\"img-responsive wp-image-10582\" srcset=\"https:\/\/www.vallsguiu.com\/wp-content\/uploads\/DSC05075-150x150.jpg 150w, https:\/\/www.vallsguiu.com\/wp-content\/uploads\/DSC05075-300x300.jpg 300w, https:\/\/www.vallsguiu.com\/wp-content\/uploads\/DSC05075-1024x1024.jpg 1024w\" sizes=\"(max-width: 980px) 100vw, 980px\" \/><\/span><\/div><\/div><\/div><\/div><\/div><div class=\"fusion-fullwidth fullwidth-box fusion-builder-row-2 fusion-flex-container nonhundred-percent-fullwidth non-hundred-percent-height-scrolling\" style=\"--awb-border-radius-top-left:0px;--awb-border-radius-top-right:0px;--awb-border-radius-bottom-right:0px;--awb-border-radius-bottom-left:0px;--awb-flex-wrap:wrap;\" ><div class=\"fusion-builder-row fusion-row fusion-flex-align-items-center fusion-flex-content-wrap\" style=\"max-width:1019.2px;margin-left: calc(-4% \/ 2 );margin-right: calc(-4% \/ 2 );\"><div class=\"fusion-layout-column fusion_builder_column fusion-builder-column-2 fusion_builder_column_1_2 1_2 fusion-flex-column\" style=\"--awb-bg-size:cover;--awb-width-large:50%;--awb-margin-top-large:0px;--awb-spacing-right-large:3.84%;--awb-margin-bottom-large:20px;--awb-spacing-left-large:3.84%;--awb-width-medium:50%;--awb-order-medium:0;--awb-spacing-right-medium:3.84%;--awb-spacing-left-medium:3.84%;--awb-width-small:100%;--awb-order-small:0;--awb-spacing-right-small:1.92%;--awb-spacing-left-small:1.92%;\"><div class=\"fusion-column-wrapper fusion-column-has-shadow fusion-flex-justify-content-flex-start fusion-content-layout-column\"><div class=\"fusion-image-element \" style=\"--awb-caption-title-font-family:var(--h2_typography-font-family);--awb-caption-title-font-weight:var(--h2_typography-font-weight);--awb-caption-title-font-style:var(--h2_typography-font-style);--awb-caption-title-size:var(--h2_typography-font-size);--awb-caption-title-transform:var(--h2_typography-text-transform);--awb-caption-title-line-height:var(--h2_typography-line-height);--awb-caption-title-letter-spacing:var(--h2_typography-letter-spacing);\"><span class=\" fusion-imageframe imageframe-none imageframe-2 hover-type-none\"><img decoding=\"async\" width=\"980\" height=\"980\" title=\"SONY DSC\" src=\"https:\/\/www.vallsguiu.com\/wp-content\/uploads\/DSC05013-1024x1024.jpg\" alt class=\"img-responsive wp-image-10577\" srcset=\"https:\/\/www.vallsguiu.com\/wp-content\/uploads\/DSC05013-150x150.jpg 150w, https:\/\/www.vallsguiu.com\/wp-content\/uploads\/DSC05013-300x300.jpg 300w, https:\/\/www.vallsguiu.com\/wp-content\/uploads\/DSC05013-1024x1024.jpg 1024w\" sizes=\"(max-width: 980px) 100vw, 980px\" \/><\/span><\/div><\/div><\/div><div class=\"fusion-layout-column fusion_builder_column fusion-builder-column-3 fusion_builder_column_1_2 1_2 fusion-flex-column\" style=\"--awb-bg-size:cover;--awb-width-large:50%;--awb-margin-top-large:0px;--awb-spacing-right-large:3.84%;--awb-margin-bottom-large:20px;--awb-spacing-left-large:3.84%;--awb-width-medium:50%;--awb-order-medium:0;--awb-spacing-right-medium:3.84%;--awb-spacing-left-medium:3.84%;--awb-width-small:100%;--awb-order-small:0;--awb-spacing-right-small:1.92%;--awb-spacing-left-small:1.92%;\"><div class=\"fusion-column-wrapper fusion-column-has-shadow fusion-flex-justify-content-flex-start fusion-content-layout-column\"><div class=\"fusion-title title fusion-title-2 fusion-sep-none fusion-title-text fusion-title-size-two\" style=\"--awb-margin-top-small:10px;--awb-margin-bottom-small:10px;\"><h2 class=\"fusion-title-heading title-heading-left\" style=\"margin:0;\"><h2>\u00c1reas de Actuaci\u00f3n como Despacho de Abogados<\/h2><\/h2><\/div><div class=\"fusion-text fusion-text-2\"><p>Ens avalen els nostres \u00e8xits a nivell nacional amb sent\u00e8ncies favorables tant en el sector de la responsabilitat civil, accidents de tr\u00e0nsit, accidents laborals, neglig\u00e8ncies m\u00e8diques, com en l\u2019\u00e0mbit penal, laboral i processal civil. Aix\u00ed com en negociacions favorables en via extrajudicial, en mediacions civils i de fam\u00edlia.<\/p>\n<ul>\n<li>Accidents de tr\u00e0nsit<\/li>\n<li>Accidents de treball<\/li>\n<li>Neglig\u00e8ncies m\u00e8diques<\/li>\n<li>Dret laboral<\/li>\n<li>Responsabilitat civil<\/li>\n<li>Dret Civil i Fam\u00edlia<\/li>\n<li>Dret penal<\/li>\n<li>Dret bancari<\/li>\n<\/ul>\n<\/div><\/div><\/div><\/div><\/div><div class=\"fusion-fullwidth fullwidth-box fusion-builder-row-3 fusion-flex-container nonhundred-percent-fullwidth non-hundred-percent-height-scrolling\" style=\"--awb-border-radius-top-left:0px;--awb-border-radius-top-right:0px;--awb-border-radius-bottom-right:0px;--awb-border-radius-bottom-left:0px;--awb-flex-wrap:wrap;\" ><div class=\"fusion-builder-row fusion-row fusion-flex-align-items-flex-start fusion-flex-content-wrap\" style=\"max-width:1019.2px;margin-left: calc(-4% \/ 2 );margin-right: calc(-4% \/ 2 );\"><div class=\"fusion-layout-column fusion_builder_column fusion-builder-column-4 fusion_builder_column_1_1 1_1 fusion-flex-column\" style=\"--awb-padding-top:40px;--awb-padding-right:40px;--awb-padding-bottom:40px;--awb-padding-left:40px;--awb-bg-color:#f5f5f5;--awb-bg-color-hover:#f5f5f5;--awb-bg-size:cover;--awb-width-large:100%;--awb-margin-top-large:0px;--awb-spacing-right-large:1.92%;--awb-margin-bottom-large:20px;--awb-spacing-left-large:1.92%;--awb-width-medium:100%;--awb-order-medium:0;--awb-spacing-right-medium:1.92%;--awb-spacing-left-medium:1.92%;--awb-width-small:100%;--awb-order-small:0;--awb-spacing-right-small:1.92%;--awb-spacing-left-small:1.92%;\"><div class=\"fusion-column-wrapper fusion-column-has-shadow fusion-flex-justify-content-flex-start fusion-content-layout-column\"><div class=\"fusion-text fusion-text-3\"><p style=\"text-align: center;\">A Valls Guiu advocats destaquem per la nostra professionalitat i tracte personalitzat al client<\/p>\n<\/div><div style=\"text-align:center;\"><a class=\"fusion-button button-flat fusion-button-default-size button-default fusion-button-default button-1 fusion-button-default-span fusion-button-default-type\" style=\"--awb-margin-top:24px;\" target=\"_self\" href=\"https:\/\/www.vallsguiu.com\/ca\/contactins\/\"><span class=\"fusion-button-text awb-button__text awb-button__text--default\">Envi\u00ef&#8217;ns la seva consulta<\/span><\/a><\/div><\/div><\/div><\/div><\/div>\n<\/p>\n","protected":false},"excerpt":{"rendered":"","protected":false},"author":5,"featured_media":0,"parent":0,"menu_order":0,"comment_status":"closed","ping_status":"closed","template":"","meta":{"footnotes":""},"class_list":["post-10436","page","type-page","status-publish","hentry"],"yoast_head":"<!-- This site is optimized with the Yoast SEO plugin v27.5 - https:\/\/yoast.com\/product\/yoast-seo-wordpress\/ -->\n<title>Despatx i bufet d&#039;advocats a Barcelona | Valls Guiu<\/title>\n<meta name=\"description\" content=\"Bienvenidos a Valls Guiu Abogados \u2713 Bufete y Despacho de Abogados en Barcelona (ciudad) \u2713 Aseoramiento Integral \u2713 M\u00e1s de 15 a\u00f1os experiencia. Entra!\" \/>\n<meta name=\"robots\" content=\"index, follow, max-snippet:-1, max-image-preview:large, max-video-preview:-1\" \/>\n<link rel=\"canonical\" href=\"https:\/\/www.vallsguiu.com\/ca\/despatx-advocats-barcelona-bufet\/\" \/>\n<meta property=\"og:locale\" content=\"ca_ES\" \/>\n<meta property=\"og:type\" content=\"article\" \/>\n<meta property=\"og:title\" content=\"Despatx i bufet d&#039;advocats a Barcelona | Valls Guiu\" \/>\n<meta property=\"og:description\" content=\"Bienvenidos a Valls Guiu Abogados \u2713 Bufete y Despacho de Abogados en Barcelona (ciudad) \u2713 Aseoramiento Integral \u2713 M\u00e1s de 15 a\u00f1os experiencia. Entra!\" \/>\n<meta property=\"og:url\" content=\"https:\/\/www.vallsguiu.com\/ca\/despatx-advocats-barcelona-bufet\/\" \/>\n<meta property=\"og:site_name\" content=\"Valls Guiu Advocats\" \/>\n<meta property=\"article:modified_time\" content=\"2021-04-27T15:57:34+00:00\" \/>\n<meta name=\"twitter:label1\" content=\"Est. reading time\" \/>\n\t<meta name=\"twitter:data1\" content=\"6 minutes\" \/>\n<script type=\"application\/ld+json\" class=\"yoast-schema-graph\">{\"@context\":\"https:\\\/\\\/schema.org\",\"@graph\":[{\"@type\":\"WebPage\",\"@id\":\"https:\\\/\\\/www.vallsguiu.com\\\/ca\\\/despatx-advocats-barcelona-bufet\\\/\",\"url\":\"https:\\\/\\\/www.vallsguiu.com\\\/ca\\\/despatx-advocats-barcelona-bufet\\\/\",\"name\":\"Despatx i bufet d'advocats a Barcelona | Valls Guiu\",\"isPartOf\":{\"@id\":\"https:\\\/\\\/www.vallsguiu.com\\\/#website\"},\"datePublished\":\"2012-09-12T06:02:25+00:00\",\"dateModified\":\"2021-04-27T15:57:34+00:00\",\"description\":\"Bienvenidos a Valls Guiu Abogados \u2713 Bufete y Despacho de Abogados en Barcelona (ciudad) \u2713 Aseoramiento Integral \u2713 M\u00e1s de 15 a\u00f1os experiencia. Entra!\",\"breadcrumb\":{\"@id\":\"https:\\\/\\\/www.vallsguiu.com\\\/ca\\\/despatx-advocats-barcelona-bufet\\\/#breadcrumb\"},\"inLanguage\":\"ca\",\"potentialAction\":[{\"@type\":\"ReadAction\",\"target\":[\"https:\\\/\\\/www.vallsguiu.com\\\/ca\\\/despatx-advocats-barcelona-bufet\\\/\"]}]},{\"@type\":\"BreadcrumbList\",\"@id\":\"https:\\\/\\\/www.vallsguiu.com\\\/ca\\\/despatx-advocats-barcelona-bufet\\\/#breadcrumb\",\"itemListElement\":[{\"@type\":\"ListItem\",\"position\":1,\"name\":\"Portada\",\"item\":\"https:\\\/\\\/www.vallsguiu.com\\\/ca\\\/\"},{\"@type\":\"ListItem\",\"position\":2,\"name\":\"Despatx\"}]},{\"@type\":\"WebSite\",\"@id\":\"https:\\\/\\\/www.vallsguiu.com\\\/#website\",\"url\":\"https:\\\/\\\/www.vallsguiu.com\\\/\",\"name\":\"Valls Guiu Advocats\",\"description\":\"\",\"potentialAction\":[{\"@type\":\"SearchAction\",\"target\":{\"@type\":\"EntryPoint\",\"urlTemplate\":\"https:\\\/\\\/www.vallsguiu.com\\\/?s={search_term_string}\"},\"query-input\":{\"@type\":\"PropertyValueSpecification\",\"valueRequired\":true,\"valueName\":\"search_term_string\"}}],\"inLanguage\":\"ca\"}]}<\/script>\n<!-- \/ Yoast SEO plugin. -->","yoast_head_json":{"title":"Despatx i bufet d'advocats a Barcelona | Valls Guiu","description":"Bienvenidos a Valls Guiu Abogados \u2713 Bufete y Despacho de Abogados en Barcelona (ciudad) \u2713 Aseoramiento Integral \u2713 M\u00e1s de 15 a\u00f1os experiencia. Entra!","robots":{"index":"index","follow":"follow","max-snippet":"max-snippet:-1","max-image-preview":"max-image-preview:large","max-video-preview":"max-video-preview:-1"},"canonical":"https:\/\/www.vallsguiu.com\/ca\/despatx-advocats-barcelona-bufet\/","og_locale":"ca_ES","og_type":"article","og_title":"Despatx i bufet d'advocats a Barcelona | Valls Guiu","og_description":"Bienvenidos a Valls Guiu Abogados \u2713 Bufete y Despacho de Abogados en Barcelona (ciudad) \u2713 Aseoramiento Integral \u2713 M\u00e1s de 15 a\u00f1os experiencia. Entra!","og_url":"https:\/\/www.vallsguiu.com\/ca\/despatx-advocats-barcelona-bufet\/","og_site_name":"Valls Guiu Advocats","article_modified_time":"2021-04-27T15:57:34+00:00","twitter_misc":{"Est. reading time":"6 minutes"},"schema":{"@context":"https:\/\/schema.org","@graph":[{"@type":"WebPage","@id":"https:\/\/www.vallsguiu.com\/ca\/despatx-advocats-barcelona-bufet\/","url":"https:\/\/www.vallsguiu.com\/ca\/despatx-advocats-barcelona-bufet\/","name":"Despatx i bufet d'advocats a Barcelona | Valls Guiu","isPartOf":{"@id":"https:\/\/www.vallsguiu.com\/#website"},"datePublished":"2012-09-12T06:02:25+00:00","dateModified":"2021-04-27T15:57:34+00:00","description":"Bienvenidos a Valls Guiu Abogados \u2713 Bufete y Despacho de Abogados en Barcelona (ciudad) \u2713 Aseoramiento Integral \u2713 M\u00e1s de 15 a\u00f1os experiencia. Entra!","breadcrumb":{"@id":"https:\/\/www.vallsguiu.com\/ca\/despatx-advocats-barcelona-bufet\/#breadcrumb"},"inLanguage":"ca","potentialAction":[{"@type":"ReadAction","target":["https:\/\/www.vallsguiu.com\/ca\/despatx-advocats-barcelona-bufet\/"]}]},{"@type":"BreadcrumbList","@id":"https:\/\/www.vallsguiu.com\/ca\/despatx-advocats-barcelona-bufet\/#breadcrumb","itemListElement":[{"@type":"ListItem","position":1,"name":"Portada","item":"https:\/\/www.vallsguiu.com\/ca\/"},{"@type":"ListItem","position":2,"name":"Despatx"}]},{"@type":"WebSite","@id":"https:\/\/www.vallsguiu.com\/#website","url":"https:\/\/www.vallsguiu.com\/","name":"Valls Guiu Advocats","description":"","potentialAction":[{"@type":"SearchAction","target":{"@type":"EntryPoint","urlTemplate":"https:\/\/www.vallsguiu.com\/?s={search_term_string}"},"query-input":{"@type":"PropertyValueSpecification","valueRequired":true,"valueName":"search_term_string"}}],"inLanguage":"ca"}]}},"_links":{"self":[{"href":"https:\/\/www.vallsguiu.com\/ca\/wp-json\/wp\/v2\/pages\/10436","targetHints":{"allow":["GET"]}}],"collection":[{"href":"https:\/\/www.vallsguiu.com\/ca\/wp-json\/wp\/v2\/pages"}],"about":[{"href":"https:\/\/www.vallsguiu.com\/ca\/wp-json\/wp\/v2\/types\/page"}],"author":[{"embeddable":true,"href":"https:\/\/www.vallsguiu.com\/ca\/wp-json\/wp\/v2\/users\/5"}],"replies":[{"embeddable":true,"href":"https:\/\/www.vallsguiu.com\/ca\/wp-json\/wp\/v2\/comments?post=10436"}],"version-history":[{"count":3,"href":"https:\/\/www.vallsguiu.com\/ca\/wp-json\/wp\/v2\/pages\/10436\/revisions"}],"predecessor-version":[{"id":10704,"href":"https:\/\/www.vallsguiu.com\/ca\/wp-json\/wp\/v2\/pages\/10436\/revisions\/10704"}],"wp:attachment":[{"href":"https:\/\/www.vallsguiu.com\/ca\/wp-json\/wp\/v2\/media?parent=10436"}],"curies":[{"name":"wp","href":"https:\/\/api.w.org\/{rel}","templated":true}]}}